{"id":846,"date":"2024-09-19T14:56:28","date_gmt":"2024-09-19T18:56:28","guid":{"rendered":"http:\/\/200.11.228.221\/?page_id=846"},"modified":"2026-04-15T15:51:54","modified_gmt":"2026-04-15T19:51:54","slug":"sala-situacional","status":"publish","type":"page","link":"https:\/\/iaes.edu.ve\/?page_id=846","title":{"rendered":"Sala Situacional"},"content":{"rendered":"\t\t<div data-elementor-type=\"wp-page\" data-elementor-id=\"846\" class=\"elementor elementor-846\">\n\t\t\t\t<div class=\"elementor-element elementor-element-466990f e-flex e-con-boxed e-con e-parent\" data-id=\"466990f\" data-element_type=\"container\" data-e-type=\"container\">\n\t\t\t\t\t<div class=\"e-con-inner\">\n\t\t\t\t<div class=\"elementor-element elementor-element-1e89a3e elementor-widget elementor-widget-elementskit-heading\" data-id=\"1e89a3e\" data-element_type=\"widget\" data-e-type=\"widget\" data-widget_type=\"elementskit-heading.default\">\n\t\t\t\t<div class=\"elementor-widget-container\">\n\t\t\t\t\t<div class=\"ekit-wid-con\" ><div class=\"ekit-heading elementskit-section-title-wraper center   ekit_heading_tablet-   ekit_heading_mobile-\"><h2 class=\"ekit-heading--title elementskit-section-title \">Sala Situacional \u201cDr. Jos\u00e9 Domingo Mora M\u00e1rquez\u201d<\/h2><div class=\"ekit_heading_separetor_wraper ekit_heading_elementskit-border-divider ekit-dotted\"><div class=\"elementskit-border-divider ekit-dotted\"><\/div><\/div><\/div><\/div>\t\t\t\t<\/div>\n\t\t\t\t<\/div>\n\t\t\t\t\t<\/div>\n\t\t\t\t<\/div>\n\t\t<div class=\"elementor-element elementor-element-400a00c e-flex e-con-boxed e-con e-parent\" data-id=\"400a00c\" data-element_type=\"container\" data-e-type=\"container\">\n\t\t\t\t\t<div class=\"e-con-inner\">\n\t\t<div class=\"elementor-element elementor-element-3591c58 e-con-full e-flex e-con e-child\" data-id=\"3591c58\" data-element_type=\"container\" data-e-type=\"container\">\n\t\t\t\t<div class=\"elementor-element elementor-element-f35488c elementor-widget elementor-widget-text-editor\" data-id=\"f35488c\" data-element_type=\"widget\" data-e-type=\"widget\" data-widget_type=\"text-editor.default\">\n\t\t\t\t<div class=\"elementor-widget-container\">\n\t\t\t\t\t\t\t\t\t<figure id=\"attachment_5671\" aria-describedby=\"caption-attachment-5671\" style=\"width: 200px\" class=\"wp-caption alignright\"><a href=\"https:\/\/iaes.edu.ve\/wp-content\/uploads\/2026\/04\/DM.jpg\"><img fetchpriority=\"high\" decoding=\"async\" class=\"wp-image-5671\" src=\"https:\/\/iaes.edu.ve\/wp-content\/uploads\/2026\/04\/DM-225x300.jpg\" alt=\"\" width=\"200\" height=\"267\" srcset=\"https:\/\/iaes.edu.ve\/wp-content\/uploads\/2026\/04\/DM-225x300.jpg 225w, https:\/\/iaes.edu.ve\/wp-content\/uploads\/2026\/04\/DM.jpg 400w\" sizes=\"(max-width: 200px) 100vw, 200px\" \/><\/a><figcaption id=\"caption-attachment-5671\" class=\"wp-caption-text\">Jos\u00e9 Domingo Mora M\u00e1rquez<\/figcaption><\/figure><p>M\u00e1s de seis d\u00e9cadas de conocimiento y compromiso <b>Jos\u00e9 Domingo Mora M\u00e1rquez<\/b>, un hombre de gran carisma, de un gran repertorio de an\u00e9cdotas que llenan de experiencias a quienes comparten con \u00c9l tan s\u00f3lo un momento de su ajetreado d\u00eda. Este hombre sencillo, pero de un conocimiento de la vida impresionante, naci\u00f3 en Zea, estado M\u00e9rida, hace m\u00e1s de 80 a\u00f1os, estudi\u00f3 en Rubio, estado T\u00e1chira en el Instituto Pedag\u00f3gico Rural Gervasio Rubio (UPEL), obteniendo el t\u00edtulo de Maestro Rural, saliendo en la primera promoci\u00f3n de la ciudad en los a\u00f1os &#8217;50.<\/p><p>Dentro de sus mejores an\u00e9cdotas de la Venezuela de los a\u00f1os &#8217;70, fue contar con el apoyo de grandes personalidades tanto dentro del pa\u00eds como fuera de nuestras fronteras, tales como \u201cDon\u201d Virgilio Prieto Figueroa y el Dr. Arnoldo Gabaldon, de quien incluso tiene recuerdos de un ser formado en la escuela latinoamericana con un gran carisma y vocaci\u00f3n en la formaci\u00f3n de las personas en sus distintas \u00e1reas, adem\u00e1s comparti\u00f3 con presidentes de pa\u00edses como Costa Rica donde estuvo desempe\u00f1\u00e1ndose como docente durante varios a\u00f1os.<\/p><p>Durante muchos a\u00f1os se destac\u00f3 en la Malariolog\u00eda en la ciudad de Maracay, ejerciendo como Jefe de Servicios de Educaci\u00f3n, donde particip\u00f3 en diversas investigaciones de la vida diaria de los venezolanos durante la d\u00e9cada de los &#8217;70, siendo pieza fundamental en estudios de las llamadas enfermedades tropicales y tipos de viviendas rurales e ind\u00edgenas venezolanas.<\/p><p><i>\u201cLa casa es la c\u00e9lula inicial de la familia y la cocina es la lumbre del hogar, es donde se re\u00fane la familia, es donde se come y se conversa\u201d<\/i>, as\u00ed defini\u00f3 la importancia de las casas para formar una familia, el Dr. Mora M\u00e1rquez.<\/p><p>Mora M\u00e1rquez, ha laborado en diversas instituciones educativas del pa\u00eds, sin embargo, para \u00c9l mismo fue dif\u00edcil imaginar que tendr\u00eda como destino a la Universidad Bicentenaria de Aragua (UBA), donde se desempe\u00f1a desde su nacimiento como proyecto hasta los actuales momentos.<\/p><h5 style=\"text-align: right;\"><span style=\"color: #808080;\">Horario:<\/span><span style=\"color: #333333;\"><b> De lunes a viernes de 8:00 a.m. a 12:00 m. y de 1:00 a 4:00 p.m.<\/b><\/span><\/h5>\t\t\t\t\t\t\t\t<\/div>\n\t\t\t\t<\/div>\n\t\t\t\t<\/div>\n\t\t\t\t\t<\/div>\n\t\t\t\t<\/div>\n\t\t<div class=\"elementor-element elementor-element-43a9961 e-flex e-con-boxed e-con e-parent\" data-id=\"43a9961\" data-element_type=\"container\" data-e-type=\"container\">\n\t\t\t\t\t<div class=\"e-con-inner\">\n\t\t\t\t<div class=\"elementor-element elementor-element-02b0634 elementor-widget-divider--view-line_icon elementor-view-default elementor-widget-divider--element-align-center elementor-widget elementor-widget-divider\" data-id=\"02b0634\" data-element_type=\"widget\" data-e-type=\"widget\" data-widget_type=\"divider.default\">\n\t\t\t\t<div class=\"elementor-widget-container\">\n\t\t\t\t\t\t\t<div class=\"elementor-divider\">\n\t\t\t<span class=\"elementor-divider-separator\">\n\t\t\t\t\t\t\t<div class=\"elementor-icon elementor-divider__element\">\n\t\t\t\t\t<svg aria-hidden=\"true\" class=\"e-font-icon-svg e-fas-dot-circle\" viewBox=\"0 0 512 512\" xmlns=\"http:\/\/www.w3.org\/2000\/svg\"><path d=\"M256 8C119.033 8 8 119.033 8 256s111.033 248 248 248 248-111.033 248-248S392.967 8 256 8zm80 248c0 44.112-35.888 80-80 80s-80-35.888-80-80 35.888-80 80-80 80 35.888 80 80z\"><\/path><\/svg><\/div>\n\t\t\t\t\t\t<\/span>\n\t\t<\/div>\n\t\t\t\t\t\t<\/div>\n\t\t\t\t<\/div>\n\t\t\t\t\t<\/div>\n\t\t\t\t<\/div>\n\t\t<div class=\"elementor-element elementor-element-43d0f7f e-flex e-con-boxed e-con e-parent\" data-id=\"43d0f7f\" data-element_type=\"container\" data-e-type=\"container\">\n\t\t\t\t\t<div class=\"e-con-inner\">\n\t\t\t\t<div class=\"elementor-element elementor-element-e970cdf elementor-widget elementor-widget-elementskit-simple-tab\" data-id=\"e970cdf\" data-element_type=\"widget\" data-e-type=\"widget\" data-widget_type=\"elementskit-simple-tab.default\">\n\t\t\t\t<div class=\"elementor-widget-container\">\n\t\t\t\t\t<div class=\"ekit-wid-con\" >        <div class=\"elementkit-tab-wraper  \">\n            <ul class=\"nav nav-tabs elementkit-tab-nav  elementskit_tooltip_style elementskit_tooltip_style elementskit-fullwidth-tab\">\n                                    <li class=\"elementkit-nav-item elementor-repeater-item-45a991d\">\n                        <a class=\"elementkit-nav-link  active show left-pos\" id=\"content-45a991d69ef48d631c01-tab\" data-ekit-handler-id=\"misi-n\" data-ekit-toggle=\"tab\" data-target=\"#content-45a991d69ef48d631c01\" href=\"#Content-45a991d69ef48d631c01\"\n                            data-ekit-toggle-trigger=\"click\"\n                            aria-describedby=\"Content-45a991d69ef48d631c01\">\n                                                        <span class=\"elementskit-tab-title\">MISI\u00d3N<\/span>\n                        <\/a>\n                    <\/li>\n                                        <li class=\"elementkit-nav-item elementor-repeater-item-ed257c8\">\n                        <a class=\"elementkit-nav-link  left-pos\" id=\"content-ed257c869ef48d631c01-tab\" data-ekit-handler-id=\"visi-n\" data-ekit-toggle=\"tab\" data-target=\"#content-ed257c869ef48d631c01\" href=\"#Content-ed257c869ef48d631c01\"\n                            data-ekit-toggle-trigger=\"click\"\n                            aria-describedby=\"Content-ed257c869ef48d631c01\">\n                                                        <span class=\"elementskit-tab-title\">VISI\u00d3N<\/span>\n                        <\/a>\n                    <\/li>\n                                        <li class=\"elementkit-nav-item elementor-repeater-item-df22d6e\">\n                        <a class=\"elementkit-nav-link  left-pos\" id=\"content-df22d6e69ef48d631c01-tab\" data-ekit-handler-id=\"prop-sitos\" data-ekit-toggle=\"tab\" data-target=\"#content-df22d6e69ef48d631c01\" href=\"#Content-df22d6e69ef48d631c01\"\n                            data-ekit-toggle-trigger=\"click\"\n                            aria-describedby=\"Content-df22d6e69ef48d631c01\">\n                                                        <span class=\"elementskit-tab-title\">PROP\u00d3SITOS<\/span>\n                        <\/a>\n                    <\/li>\n                                        <li class=\"elementkit-nav-item elementor-repeater-item-cf91af6\">\n                        <a class=\"elementkit-nav-link  left-pos\" id=\"content-cf91af669ef48d631c01-tab\" data-ekit-handler-id=\"principios-y-valores\" data-ekit-toggle=\"tab\" data-target=\"#content-cf91af669ef48d631c01\" href=\"#Content-cf91af669ef48d631c01\"\n                            data-ekit-toggle-trigger=\"click\"\n                            aria-describedby=\"Content-cf91af669ef48d631c01\">\n                                                        <span class=\"elementskit-tab-title\">PRINCIPIOS Y VALORES<\/span>\n                        <\/a>\n                    <\/li>\n                                <\/ul>\n\n            <div class=\"tab-content elementkit-tab-content\">\n                                    <div class=\"tab-pane elementkit-tab-pane elementor-repeater-item-45a991d  active show\" id=\"content-45a991d69ef48d631c01\" role=\"tabpanel\"\n                         aria-labelledby=\"content-45a991d69ef48d631c01-tab\">\n                        <div class=\"animated fadeIn\">\n                            <p>Recopilar, procesar, analizar y divulgar informaci\u00f3n, sobre los procesos formativos e investigativos, en el marco social, territorial, cultural, econ\u00f3mico, militar, pol\u00edtico y ambiental. Desde un enfoque de la Salud Colectiva Critica y Decolonial.<\/p>                        <\/div>\n                    <\/div>\n                                    <div class=\"tab-pane elementkit-tab-pane elementor-repeater-item-ed257c8 \" id=\"content-ed257c869ef48d631c01\" role=\"tabpanel\"\n                         aria-labelledby=\"content-ed257c869ef48d631c01-tab\">\n                        <div class=\"animated fadeIn\">\n                            <p>Ser una Sala de Informaci\u00f3n desde la Salud Colectiva y Decolonial, en el \u00e1mbito regional, nacional e internacional.<\/p>                        <\/div>\n                    <\/div>\n                                    <div class=\"tab-pane elementkit-tab-pane elementor-repeater-item-df22d6e \" id=\"content-df22d6e69ef48d631c01\" role=\"tabpanel\"\n                         aria-labelledby=\"content-df22d6e69ef48d631c01-tab\">\n                        <div class=\"animated fadeIn\">\n                            <ol><li>Obtener una informaci\u00f3n actualizada y veraz de la investigaci\u00f3n y formaci\u00f3n en el \u00e1rea de la Salud Colectiva Critica y Decolonial.<\/li><li>Analizar la informaci\u00f3n desde el pensamiento cr\u00edtico y decolonial, nuestroamericano desde la Salud Colectiva.<\/li><li>Procesar la informaci\u00f3n obtenida para el desarrollo de los procesos investigativos y formativos en el territorio.<\/li><li>Elaborar informes sobre resultados de los procesos investigativos y formativos en el territorio proponiendo alternativas de soluci\u00f3n.<\/li><li>Divulgar y colocar a la disposici\u00f3n la informaci\u00f3n, para contribuir a los procesos investigativos en el territorio comunal, regional, nacional e internacional desde el enfoque de Salud Critica y Decolonial.<\/li><\/ol>                        <\/div>\n                    <\/div>\n                                    <div class=\"tab-pane elementkit-tab-pane elementor-repeater-item-cf91af6 \" id=\"content-cf91af669ef48d631c01\" role=\"tabpanel\"\n                         aria-labelledby=\"content-cf91af669ef48d631c01-tab\">\n                        <div class=\"animated fadeIn\">\n                            <ul><li>\u00c9tica P\u00fablica<\/li><li>Moral Administrativa<\/li><li>Con informaci\u00f3n veraz, de valor cient\u00edfico y pertinencia social<\/li><\/ul>                        <\/div>\n                    <\/div>\n                                \n            <\/div>\n                                <script type=\"application\/ld+json\">{\"@context\":\"https:\/\/schema.org\",\"@type\":\"FAQPage\",\"mainEntity\":[{\"@type\":\"Question\",\"name\":\"MISI\u00d3N\",\"acceptedAnswer\":{\"@type\":\"Answer\",\"text\":\"<p>Recopilar, procesar, analizar y divulgar informaci\u00f3n, sobre los procesos formativos e investigativos, en el marco social, territorial, cultural, econ\u00f3mico, militar, pol\u00edtico y ambiental. Desde un enfoque de la Salud Colectiva Critica y Decolonial.<\/p>\"}},{\"@type\":\"Question\",\"name\":\"VISI\u00d3N\",\"acceptedAnswer\":{\"@type\":\"Answer\",\"text\":\"<p>Ser una Sala de Informaci\u00f3n desde la Salud Colectiva y Decolonial, en el \u00e1mbito regional, nacional e internacional.<\/p>\"}},{\"@type\":\"Question\",\"name\":\"PROP\u00d3SITOS\",\"acceptedAnswer\":{\"@type\":\"Answer\",\"text\":\"<ol><li>Obtener una informaci\u00f3n actualizada y veraz de la investigaci\u00f3n y formaci\u00f3n en el \u00e1rea de la Salud Colectiva Critica y Decolonial.<\/li><li>Analizar la informaci\u00f3n desde el pensamiento cr\u00edtico y decolonial, nuestroamericano desde la Salud Colectiva.<\/li><li>Procesar la informaci\u00f3n obtenida para el desarrollo de los procesos investigativos y formativos en el territorio.<\/li><li>Elaborar informes sobre resultados de los procesos investigativos y formativos en el territorio proponiendo alternativas de soluci\u00f3n.<\/li><li>Divulgar y colocar a la disposici\u00f3n la informaci\u00f3n, para contribuir a los procesos investigativos en el territorio comunal, regional, nacional e internacional desde el enfoque de Salud Critica y Decolonial.<\/li><\/ol>\"}},{\"@type\":\"Question\",\"name\":\"PRINCIPIOS Y VALORES\",\"acceptedAnswer\":{\"@type\":\"Answer\",\"text\":\"<ul><li>\u00c9tica P\u00fablica<\/li><li>Moral Administrativa<\/li><li>Con informaci\u00f3n veraz, de valor cient\u00edfico y pertinencia social<\/li><\/ul>\"}}]}<\/script>\n                            <\/div>\n    <\/div>\t\t\t\t<\/div>\n\t\t\t\t<\/div>\n\t\t\t\t\t<\/div>\n\t\t\t\t<\/div>\n\t\t<div class=\"elementor-element elementor-element-803ae69 e-flex e-con-boxed e-con e-parent\" data-id=\"803ae69\" data-element_type=\"container\" data-e-type=\"container\">\n\t\t\t\t\t<div class=\"e-con-inner\">\n\t\t\t\t<div class=\"elementor-element elementor-element-29a0579 elementor-widget-divider--view-line_icon elementor-view-default elementor-widget-divider--element-align-center elementor-widget elementor-widget-divider\" data-id=\"29a0579\" data-element_type=\"widget\" data-e-type=\"widget\" data-widget_type=\"divider.default\">\n\t\t\t\t<div class=\"elementor-widget-container\">\n\t\t\t\t\t\t\t<div class=\"elementor-divider\">\n\t\t\t<span class=\"elementor-divider-separator\">\n\t\t\t\t\t\t\t<div class=\"elementor-icon elementor-divider__element\">\n\t\t\t\t\t<svg aria-hidden=\"true\" class=\"e-font-icon-svg e-fas-dot-circle\" viewBox=\"0 0 512 512\" xmlns=\"http:\/\/www.w3.org\/2000\/svg\"><path d=\"M256 8C119.033 8 8 119.033 8 256s111.033 248 248 248 248-111.033 248-248S392.967 8 256 8zm80 248c0 44.112-35.888 80-80 80s-80-35.888-80-80 35.888-80 80-80 80 35.888 80 80z\"><\/path><\/svg><\/div>\n\t\t\t\t\t\t<\/span>\n\t\t<\/div>\n\t\t\t\t\t\t<\/div>\n\t\t\t\t<\/div>\n\t\t\t\t\t<\/div>\n\t\t\t\t<\/div>\n\t\t<div class=\"elementor-element elementor-element-6bdd892 e-flex e-con-boxed e-con e-parent\" data-id=\"6bdd892\" data-element_type=\"container\" data-e-type=\"container\">\n\t\t\t\t\t<div class=\"e-con-inner\">\n\t\t<div class=\"elementor-element elementor-element-363a67d e-con-full e-flex e-con e-child\" data-id=\"363a67d\" data-element_type=\"container\" data-e-type=\"container\">\n\t\t\t\t<div class=\"elementor-element elementor-element-86addbd elementor-widget elementor-widget-heading\" data-id=\"86addbd\" data-element_type=\"widget\" data-e-type=\"widget\" data-widget_type=\"heading.default\">\n\t\t\t\t<div class=\"elementor-widget-container\">\n\t\t\t\t\t<h4 class=\"elementor-heading-title elementor-size-default\">Mapas de Especialistas Egresados del 2007 al 2021<\/h4>\t\t\t\t<\/div>\n\t\t\t\t<\/div>\n\t\t\t\t<\/div>\n\t\t<div class=\"elementor-element elementor-element-3fe27ce e-con-full e-flex e-con e-child\" data-id=\"3fe27ce\" data-element_type=\"container\" data-e-type=\"container\">\n\t\t\t\t<div class=\"elementor-element elementor-element-dcdb3a3 elementor-widget elementor-widget-elementskit-simple-tab\" data-id=\"dcdb3a3\" data-element_type=\"widget\" data-e-type=\"widget\" data-widget_type=\"elementskit-simple-tab.default\">\n\t\t\t\t<div class=\"elementor-widget-container\">\n\t\t\t\t\t<div class=\"ekit-wid-con\" >        <div class=\"elementkit-tab-wraper vertical  elementskit-fitcontent-tab \">\n            <ul class=\"nav nav-tabs elementkit-tab-nav \">\n                                    <li class=\"elementkit-nav-item elementor-repeater-item-45a991d\">\n                        <a class=\"elementkit-nav-link  active show left-pos\" id=\"content-45a991d69ef48d632f0b-tab\" data-ekit-handler-id=\"gesti-n-en-salud-p-blica\" data-ekit-toggle=\"tab\" data-target=\"#content-45a991d69ef48d632f0b\" href=\"#Content-45a991d69ef48d632f0b\"\n                            data-ekit-toggle-trigger=\"click\"\n                            aria-describedby=\"Content-45a991d69ef48d632f0b\">\n                                                        <span class=\"elementskit-tab-title\">Gesti\u00f3n en Salud P\u00fablica<\/span>\n                        <\/a>\n                    <\/li>\n                                        <li class=\"elementkit-nav-item elementor-repeater-item-ed257c8\">\n                        <a class=\"elementkit-nav-link  left-pos\" id=\"content-ed257c869ef48d632f0b-tab\" data-ekit-handler-id=\"epidemiolog-a\" data-ekit-toggle=\"tab\" data-target=\"#content-ed257c869ef48d632f0b\" href=\"#Content-ed257c869ef48d632f0b\"\n                            data-ekit-toggle-trigger=\"click\"\n                            aria-describedby=\"Content-ed257c869ef48d632f0b\">\n                                                        <span class=\"elementskit-tab-title\">Epidemiolog\u00eda<\/span>\n                        <\/a>\n                    <\/li>\n                                        <li class=\"elementkit-nav-item elementor-repeater-item-df22d6e\">\n                        <a class=\"elementkit-nav-link  left-pos\" id=\"content-df22d6e69ef48d632f0b-tab\" data-ekit-handler-id=\"epidemiolog-a-de-las-enfermedades-metax-nicas\" data-ekit-toggle=\"tab\" data-target=\"#content-df22d6e69ef48d632f0b\" href=\"#Content-df22d6e69ef48d632f0b\"\n                            data-ekit-toggle-trigger=\"click\"\n                            aria-describedby=\"Content-df22d6e69ef48d632f0b\">\n                                                        <span class=\"elementskit-tab-title\">Epidemiolog\u00eda de las Enfermedades Metax\u00e9nicas<\/span>\n                        <\/a>\n                    <\/li>\n                                        <li class=\"elementkit-nav-item elementor-repeater-item-eb509e7\">\n                        <a class=\"elementkit-nav-link  left-pos\" id=\"content-eb509e769ef48d632f0b-tab\" data-ekit-handler-id=\"manejo-integrado-de-vectores-y-reservorios-en-salud\" data-ekit-toggle=\"tab\" data-target=\"#content-eb509e769ef48d632f0b\" href=\"#Content-eb509e769ef48d632f0b\"\n                            data-ekit-toggle-trigger=\"click\"\n                            aria-describedby=\"Content-eb509e769ef48d632f0b\">\n                                                        <span class=\"elementskit-tab-title\">Manejo Integrado de Vectores y Reservorios en Salud<\/span>\n                        <\/a>\n                    <\/li>\n                                        <li class=\"elementkit-nav-item elementor-repeater-item-debbc57\">\n                        <a class=\"elementkit-nav-link  left-pos\" id=\"content-debbc5769ef48d632f0b-tab\" data-ekit-handler-id=\"salud-ocupacional-e-higiene-del-ambiente-laboral\" data-ekit-toggle=\"tab\" data-target=\"#content-debbc5769ef48d632f0b\" href=\"#Content-debbc5769ef48d632f0b\"\n                            data-ekit-toggle-trigger=\"click\"\n                            aria-describedby=\"Content-debbc5769ef48d632f0b\">\n                                                        <span class=\"elementskit-tab-title\">Salud Ocupacional e Higiene del Ambiente Laboral<\/span>\n                        <\/a>\n                    <\/li>\n                                        <li class=\"elementkit-nav-item elementor-repeater-item-431bf6e\">\n                        <a class=\"elementkit-nav-link  left-pos\" id=\"content-431bf6e69ef48d632f0b-tab\" data-ekit-handler-id=\"medicina-general-integral\" data-ekit-toggle=\"tab\" data-target=\"#content-431bf6e69ef48d632f0b\" href=\"#Content-431bf6e69ef48d632f0b\"\n                            data-ekit-toggle-trigger=\"click\"\n                            aria-describedby=\"Content-431bf6e69ef48d632f0b\">\n                                                        <span class=\"elementskit-tab-title\">Medicina General Integral<\/span>\n                        <\/a>\n                    <\/li>\n                                <\/ul>\n\n            <div class=\"tab-content elementkit-tab-content\">\n                                    <div class=\"tab-pane elementkit-tab-pane elementor-repeater-item-45a991d  active show\" id=\"content-45a991d69ef48d632f0b\" role=\"tabpanel\"\n                         aria-labelledby=\"content-45a991d69ef48d632f0b-tab\">\n                        <div class=\"animated fadeIn\">\n                            <p><a href=\"https:\/\/iaes.edu.ve\/wp-content\/uploads\/2024\/10\/Mapas-SalPub.jpg\"><img decoding=\"async\" class=\"aligncenter wp-image-1561 size-full\" src=\"https:\/\/iaes.edu.ve\/wp-content\/uploads\/2024\/10\/Mapas-SalPub.jpg\" alt=\"\" width=\"3000\" height=\"2250\" \/><\/a><\/p>                        <\/div>\n                    <\/div>\n                                    <div class=\"tab-pane elementkit-tab-pane elementor-repeater-item-ed257c8 \" id=\"content-ed257c869ef48d632f0b\" role=\"tabpanel\"\n                         aria-labelledby=\"content-ed257c869ef48d632f0b-tab\">\n                        <div class=\"animated fadeIn\">\n                            <p><a href=\"https:\/\/iaes.edu.ve\/wp-content\/uploads\/2024\/10\/Mapas-Epidemiologia.jpg\"><img decoding=\"async\" class=\"aligncenter wp-image-1565 size-full\" src=\"https:\/\/iaes.edu.ve\/wp-content\/uploads\/2024\/10\/Mapas-Epidemiologia.jpg\" alt=\"\" width=\"3000\" height=\"2250\" \/><\/a><\/p>                        <\/div>\n                    <\/div>\n                                    <div class=\"tab-pane elementkit-tab-pane elementor-repeater-item-df22d6e \" id=\"content-df22d6e69ef48d632f0b\" role=\"tabpanel\"\n                         aria-labelledby=\"content-df22d6e69ef48d632f0b-tab\">\n                        <div class=\"animated fadeIn\">\n                            <p><a href=\"https:\/\/iaes.edu.ve\/wp-content\/uploads\/2024\/10\/Mapas-Metaxenicas.jpg\"><img loading=\"lazy\" decoding=\"async\" class=\"aligncenter wp-image-1567 size-full\" src=\"https:\/\/iaes.edu.ve\/wp-content\/uploads\/2024\/10\/Mapas-Metaxenicas.jpg\" alt=\"\" width=\"3000\" height=\"2250\" \/><\/a><\/p>                        <\/div>\n                    <\/div>\n                                    <div class=\"tab-pane elementkit-tab-pane elementor-repeater-item-eb509e7 \" id=\"content-eb509e769ef48d632f0b\" role=\"tabpanel\"\n                         aria-labelledby=\"content-eb509e769ef48d632f0b-tab\">\n                        <div class=\"animated fadeIn\">\n                            <p><a href=\"https:\/\/iaes.edu.ve\/wp-content\/uploads\/2024\/10\/Mapas-Reserv.jpg\"><img loading=\"lazy\" decoding=\"async\" class=\"aligncenter wp-image-1568 size-full\" src=\"https:\/\/iaes.edu.ve\/wp-content\/uploads\/2024\/10\/Mapas-Reserv.jpg\" alt=\"\" width=\"3000\" height=\"2250\" \/><\/a><\/p>                        <\/div>\n                    <\/div>\n                                    <div class=\"tab-pane elementkit-tab-pane elementor-repeater-item-debbc57 \" id=\"content-debbc5769ef48d632f0b\" role=\"tabpanel\"\n                         aria-labelledby=\"content-debbc5769ef48d632f0b-tab\">\n                        <div class=\"animated fadeIn\">\n                            <p><a href=\"https:\/\/iaes.edu.ve\/wp-content\/uploads\/2024\/10\/Mapas-Ocup.jpg\"><img loading=\"lazy\" decoding=\"async\" class=\"aligncenter wp-image-1569 size-full\" src=\"https:\/\/iaes.edu.ve\/wp-content\/uploads\/2024\/10\/Mapas-Ocup.jpg\" alt=\"\" width=\"3000\" height=\"2250\" \/><\/a><\/p>                        <\/div>\n                    <\/div>\n                                    <div class=\"tab-pane elementkit-tab-pane elementor-repeater-item-431bf6e \" id=\"content-431bf6e69ef48d632f0b\" role=\"tabpanel\"\n                         aria-labelledby=\"content-431bf6e69ef48d632f0b-tab\">\n                        <div class=\"animated fadeIn\">\n                            <p><a href=\"https:\/\/iaes.edu.ve\/wp-content\/uploads\/2024\/10\/Mapas-MGI.jpg\"><img loading=\"lazy\" decoding=\"async\" class=\"aligncenter wp-image-1570 size-full\" src=\"https:\/\/iaes.edu.ve\/wp-content\/uploads\/2024\/10\/Mapas-MGI.jpg\" alt=\"\" width=\"3000\" height=\"2250\" \/><\/a><\/p>                        <\/div>\n                    <\/div>\n                                \n            <\/div>\n                                <script type=\"application\/ld+json\">{\"@context\":\"https:\/\/schema.org\",\"@type\":\"FAQPage\",\"mainEntity\":[{\"@type\":\"Question\",\"name\":\"Gesti\u00f3n en Salud P\u00fablica\",\"acceptedAnswer\":{\"@type\":\"Answer\",\"text\":\"<p><a href=\\\"https:\/\/iaes.edu.ve\/wp-content\/uploads\/2024\/10\/Mapas-SalPub.jpg\\\"><img class=\\\"aligncenter wp-image-1561 size-full\\\" src=\\\"https:\/\/iaes.edu.ve\/wp-content\/uploads\/2024\/10\/Mapas-SalPub.jpg\\\" alt=\\\"\\\" width=\\\"3000\\\" height=\\\"2250\\\" \/><\/a><\/p>\"}},{\"@type\":\"Question\",\"name\":\"Epidemiolog\u00eda\",\"acceptedAnswer\":{\"@type\":\"Answer\",\"text\":\"<p><a href=\\\"https:\/\/iaes.edu.ve\/wp-content\/uploads\/2024\/10\/Mapas-Epidemiologia.jpg\\\"><img class=\\\"aligncenter wp-image-1565 size-full\\\" src=\\\"https:\/\/iaes.edu.ve\/wp-content\/uploads\/2024\/10\/Mapas-Epidemiologia.jpg\\\" alt=\\\"\\\" width=\\\"3000\\\" height=\\\"2250\\\" \/><\/a><\/p>\"}},{\"@type\":\"Question\",\"name\":\"Epidemiolog\u00eda de las Enfermedades Metax\u00e9nicas\",\"acceptedAnswer\":{\"@type\":\"Answer\",\"text\":\"<p><a href=\\\"https:\/\/iaes.edu.ve\/wp-content\/uploads\/2024\/10\/Mapas-Metaxenicas.jpg\\\"><img class=\\\"aligncenter wp-image-1567 size-full\\\" src=\\\"https:\/\/iaes.edu.ve\/wp-content\/uploads\/2024\/10\/Mapas-Metaxenicas.jpg\\\" alt=\\\"\\\" width=\\\"3000\\\" height=\\\"2250\\\" \/><\/a><\/p>\"}},{\"@type\":\"Question\",\"name\":\"Manejo Integrado de Vectores y Reservorios en Salud\",\"acceptedAnswer\":{\"@type\":\"Answer\",\"text\":\"<p><a href=\\\"https:\/\/iaes.edu.ve\/wp-content\/uploads\/2024\/10\/Mapas-Reserv.jpg\\\"><img class=\\\"aligncenter wp-image-1568 size-full\\\" src=\\\"https:\/\/iaes.edu.ve\/wp-content\/uploads\/2024\/10\/Mapas-Reserv.jpg\\\" alt=\\\"\\\" width=\\\"3000\\\" height=\\\"2250\\\" \/><\/a><\/p>\"}},{\"@type\":\"Question\",\"name\":\"Salud Ocupacional e Higiene del Ambiente Laboral\",\"acceptedAnswer\":{\"@type\":\"Answer\",\"text\":\"<p><a href=\\\"https:\/\/iaes.edu.ve\/wp-content\/uploads\/2024\/10\/Mapas-Ocup.jpg\\\"><img class=\\\"aligncenter wp-image-1569 size-full\\\" src=\\\"https:\/\/iaes.edu.ve\/wp-content\/uploads\/2024\/10\/Mapas-Ocup.jpg\\\" alt=\\\"\\\" width=\\\"3000\\\" height=\\\"2250\\\" \/><\/a><\/p>\"}},{\"@type\":\"Question\",\"name\":\"Medicina General Integral\",\"acceptedAnswer\":{\"@type\":\"Answer\",\"text\":\"<p><a href=\\\"https:\/\/iaes.edu.ve\/wp-content\/uploads\/2024\/10\/Mapas-MGI.jpg\\\"><img class=\\\"aligncenter wp-image-1570 size-full\\\" src=\\\"https:\/\/iaes.edu.ve\/wp-content\/uploads\/2024\/10\/Mapas-MGI.jpg\\\" alt=\\\"\\\" width=\\\"3000\\\" height=\\\"2250\\\" \/><\/a><\/p>\"}}]}<\/script>\n                            <\/div>\n    <\/div>\t\t\t\t<\/div>\n\t\t\t\t<\/div>\n\t\t\t\t<\/div>\n\t\t\t\t\t<\/div>\n\t\t\t\t<\/div>\n\t\t<div class=\"elementor-element elementor-element-971e5bc e-flex e-con-boxed e-con e-parent\" data-id=\"971e5bc\" data-element_type=\"container\" data-e-type=\"container\">\n\t\t\t\t\t<div class=\"e-con-inner\">\n\t\t\t\t<div class=\"elementor-element elementor-element-20cdcd3 elementor-widget-divider--view-line_icon elementor-view-default elementor-widget-divider--element-align-center elementor-widget elementor-widget-divider\" data-id=\"20cdcd3\" data-element_type=\"widget\" data-e-type=\"widget\" data-widget_type=\"divider.default\">\n\t\t\t\t<div class=\"elementor-widget-container\">\n\t\t\t\t\t\t\t<div class=\"elementor-divider\">\n\t\t\t<span class=\"elementor-divider-separator\">\n\t\t\t\t\t\t\t<div class=\"elementor-icon elementor-divider__element\">\n\t\t\t\t\t<svg aria-hidden=\"true\" class=\"e-font-icon-svg e-fas-dot-circle\" viewBox=\"0 0 512 512\" xmlns=\"http:\/\/www.w3.org\/2000\/svg\"><path d=\"M256 8C119.033 8 8 119.033 8 256s111.033 248 248 248 248-111.033 248-248S392.967 8 256 8zm80 248c0 44.112-35.888 80-80 80s-80-35.888-80-80 35.888-80 80-80 80 35.888 80 80z\"><\/path><\/svg><\/div>\n\t\t\t\t\t\t<\/span>\n\t\t<\/div>\n\t\t\t\t\t\t<\/div>\n\t\t\t\t<\/div>\n\t\t\t\t\t<\/div>\n\t\t\t\t<\/div>\n\t\t<div class=\"elementor-element elementor-element-71883f7 e-flex e-con-boxed e-con e-parent\" data-id=\"71883f7\" data-element_type=\"container\" data-e-type=\"container\">\n\t\t\t\t\t<div class=\"e-con-inner\">\n\t\t<div class=\"elementor-element elementor-element-1fe43b8 e-con-full e-flex e-con e-child\" data-id=\"1fe43b8\" data-element_type=\"container\" data-e-type=\"container\">\n\t\t\t\t<div class=\"elementor-element elementor-element-d1be6b2 elementor-widget elementor-widget-image\" data-id=\"d1be6b2\" data-element_type=\"widget\" data-e-type=\"widget\" data-widget_type=\"image.default\">\n\t\t\t\t<div class=\"elementor-widget-container\">\n\t\t\t\t\t\t\t\t\t\t\t\t<figure class=\"wp-caption\">\n\t\t\t\t\t\t\t\t\t\t\t<a href=\"https:\/\/cainfo.iaes.edu.ve\/cgi-bin\/koha\/opac-shelves.pl?op=view&#038;shelfnumber=5&#038;sortfield=itemcallnumber\" target=\"_blank\">\n\t\t\t\t\t\t\t<img loading=\"lazy\" decoding=\"async\" width=\"240\" height=\"160\" src=\"https:\/\/iaes.edu.ve\/wp-content\/uploads\/2024\/11\/port-biss.png\" class=\"attachment-1536x1536 size-1536x1536 wp-image-2579\" alt=\"\" \/>\t\t\t\t\t\t\t\t<\/a>\n\t\t\t\t\t\t\t\t\t\t\t<figcaption class=\"widget-image-caption wp-caption-text\">Bolet\u00edn Informativo de Sala Situacional<\/figcaption>\n\t\t\t\t\t\t\t\t\t\t<\/figure>\n\t\t\t\t\t\t\t\t\t<\/div>\n\t\t\t\t<\/div>\n\t\t\t\t<\/div>\n\t\t<div class=\"elementor-element elementor-element-e5fdbf5 e-con-full e-flex e-con e-child\" data-id=\"e5fdbf5\" data-element_type=\"container\" data-e-type=\"container\">\n\t\t\t\t<div class=\"elementor-element elementor-element-b6ec9dc elementor-widget elementor-widget-text-editor\" data-id=\"b6ec9dc\" data-element_type=\"widget\" data-e-type=\"widget\" data-widget_type=\"text-editor.default\">\n\t\t\t\t<div class=\"elementor-widget-container\">\n\t\t\t\t\t\t\t\t\t<p><a href=\"https:\/\/cainfo.iaes.edu.ve\/cgi-bin\/koha\/opac-shelves.pl?op=view&amp;shelfnumber=5&amp;sortfield=itemcallnumber\" target=\"_blank\" rel=\"cc:attributionURL noopener noreferrer\"><strong>Bolet\u00edn Informativo de Sala Situacional<\/strong>\u00a0<\/a>\u00a9 2010 <br \/>por el <a href=\"https:\/\/iaes.edu.ve\/\" target=\"_blank\" rel=\"cc:attributionURL noopener noreferrer\">Servicio Aut\u00f3nomo Instituto de Altos Estudios Dr. Arnoldo Gabaldo<\/a><br \/>tiene licencia bajo <a href=\"https:\/\/creativecommons.org\/licenses\/by-nc-sa\/4.0\/?ref=chooser-v1\" target=\"_blank\" rel=\"license noopener noreferrer\">CC BY-NC-SA 4.0\u00a0<span class=\"icon\" data-v-a0d4e8a8=\"\"><img loading=\"lazy\" decoding=\"async\" src=\"https:\/\/chooser-beta.creativecommons.org\/img\/cc-logo.f0ab4ebe.svg\" width=\"20\" height=\"20\" data-v-a0d4e8a8=\"\" \/><img loading=\"lazy\" decoding=\"async\" src=\"https:\/\/chooser-beta.creativecommons.org\/img\/cc-by.21b728bb.svg\" width=\"20\" height=\"20\" data-v-a0d4e8a8=\"\" \/><img loading=\"lazy\" decoding=\"async\" src=\"https:\/\/chooser-beta.creativecommons.org\/img\/cc-nc.218f18fc.svg\" width=\"20\" height=\"20\" data-v-a0d4e8a8=\"\" \/><img loading=\"lazy\" decoding=\"async\" src=\"https:\/\/chooser-beta.creativecommons.org\/img\/cc-sa.d1572b71.svg\" width=\"20\" height=\"20\" data-v-a0d4e8a8=\"\" \/><\/span><\/a><\/p>\t\t\t\t\t\t\t\t<\/div>\n\t\t\t\t<\/div>\n\t\t\t\t<\/div>\n\t\t\t\t\t<\/div>\n\t\t\t\t<\/div>\n\t\t\t\t<\/div>\n\t\t<p>Views: 333<\/p>","protected":false},"excerpt":{"rendered":"<p>Sala Situacional \u201cDr. Jos\u00e9 Domingo Mora M\u00e1rquez\u201d M\u00e1s de seis d\u00e9cadas de conocimiento y compromiso Jos\u00e9 Domingo Mora M\u00e1rquez, un hombre de gran carisma, de un gran repertorio de an\u00e9cdotas que llenan de experiencias a quienes comparten con \u00c9l tan s\u00f3lo un momento de su ajetreado d\u00eda. Este hombre sencillo, pero de un conocimiento de [&hellip;]<\/p>\n","protected":false},"author":1,"featured_media":0,"parent":0,"menu_order":0,"comment_status":"closed","ping_status":"closed","template":"","meta":{"inline_featured_image":false,"footnotes":""},"class_list":["post-846","page","type-page","status-publish","hentry"],"yoast_head":"<!-- This site is optimized with the Yoast SEO plugin v27.4 - https:\/\/yoast.com\/product\/yoast-seo-wordpress\/ -->\n<title>Sala Situacional - iaes<\/title>\n<meta name=\"description\" content=\"Sala Situacional, IAE, Informaci\u00f3n, Salud P\u00fablica, Salud Colectiva, Epidemiolog\u00eda, Salud Ocupacional, Poder Popular en Salud, Indicadores,\" \/>\n<meta name=\"robots\" content=\"index, follow, max-snippet:-1, max-image-preview:large, max-video-preview:-1\" \/>\n<link rel=\"canonical\" href=\"https:\/\/iaes.edu.ve\/?page_id=846\" \/>\n<meta property=\"og:locale\" content=\"es_ES\" \/>\n<meta property=\"og:type\" content=\"article\" \/>\n<meta property=\"og:title\" content=\"Sala Situacional - iaes\" \/>\n<meta property=\"og:description\" content=\"Sala Situacional, IAE, Informaci\u00f3n, Salud P\u00fablica, Salud Colectiva, Epidemiolog\u00eda, Salud Ocupacional, Poder Popular en Salud, Indicadores,\" \/>\n<meta property=\"og:url\" content=\"https:\/\/iaes.edu.ve\/?page_id=846\" \/>\n<meta property=\"og:site_name\" content=\"iaes\" \/>\n<meta property=\"article:publisher\" content=\"https:\/\/www.facebook.com\/IAEGabaldonOficial\" \/>\n<meta property=\"article:modified_time\" content=\"2026-04-15T19:51:54+00:00\" \/>\n<meta property=\"og:image\" content=\"https:\/\/iaes.edu.ve\/wp-content\/uploads\/2026\/04\/DM.jpg\" \/>\n\t<meta property=\"og:image:width\" content=\"400\" \/>\n\t<meta property=\"og:image:height\" content=\"534\" \/>\n\t<meta property=\"og:image:type\" content=\"image\/jpeg\" \/>\n<meta name=\"twitter:card\" content=\"summary_large_image\" \/>\n<meta name=\"twitter:site\" content=\"@iaegabaldon\" \/>\n<meta name=\"twitter:label1\" content=\"Tiempo estimado de lectura\" \/>\n\t<meta name=\"twitter:data1\" content=\"6 minutos\" \/>\n<script type=\"application\/ld+json\" class=\"yoast-schema-graph\">{\"@context\":\"https:\\\/\\\/schema.org\",\"@graph\":[{\"@type\":\"WebPage\",\"@id\":\"https:\\\/\\\/iaes.edu.ve\\\/?page_id=846\",\"url\":\"https:\\\/\\\/iaes.edu.ve\\\/?page_id=846\",\"name\":\"Sala Situacional - iaes\",\"isPartOf\":{\"@id\":\"https:\\\/\\\/iaes.edu.ve\\\/#website\"},\"primaryImageOfPage\":{\"@id\":\"https:\\\/\\\/iaes.edu.ve\\\/?page_id=846#primaryimage\"},\"image\":{\"@id\":\"https:\\\/\\\/iaes.edu.ve\\\/?page_id=846#primaryimage\"},\"thumbnailUrl\":\"https:\\\/\\\/iaes.edu.ve\\\/wp-content\\\/uploads\\\/2026\\\/04\\\/DM-225x300.jpg\",\"datePublished\":\"2024-09-19T18:56:28+00:00\",\"dateModified\":\"2026-04-15T19:51:54+00:00\",\"description\":\"Sala Situacional, IAE, Informaci\u00f3n, Salud P\u00fablica, Salud Colectiva, Epidemiolog\u00eda, Salud Ocupacional, Poder Popular en Salud, Indicadores,\",\"breadcrumb\":{\"@id\":\"https:\\\/\\\/iaes.edu.ve\\\/?page_id=846#breadcrumb\"},\"inLanguage\":\"es\",\"potentialAction\":[{\"@type\":\"ReadAction\",\"target\":[\"https:\\\/\\\/iaes.edu.ve\\\/?page_id=846\"]}]},{\"@type\":\"ImageObject\",\"inLanguage\":\"es\",\"@id\":\"https:\\\/\\\/iaes.edu.ve\\\/?page_id=846#primaryimage\",\"url\":\"https:\\\/\\\/iaes.edu.ve\\\/wp-content\\\/uploads\\\/2026\\\/04\\\/DM.jpg\",\"contentUrl\":\"https:\\\/\\\/iaes.edu.ve\\\/wp-content\\\/uploads\\\/2026\\\/04\\\/DM.jpg\",\"width\":400,\"height\":534},{\"@type\":\"BreadcrumbList\",\"@id\":\"https:\\\/\\\/iaes.edu.ve\\\/?page_id=846#breadcrumb\",\"itemListElement\":[{\"@type\":\"ListItem\",\"position\":1,\"name\":\"Portada\",\"item\":\"https:\\\/\\\/iaes.edu.ve\\\/\"},{\"@type\":\"ListItem\",\"position\":2,\"name\":\"Sala Situacional\"}]},{\"@type\":\"WebSite\",\"@id\":\"https:\\\/\\\/iaes.edu.ve\\\/#website\",\"url\":\"https:\\\/\\\/iaes.edu.ve\\\/\",\"name\":\"iaes\",\"description\":\"Formando al talento humano del Sistema P\u00fablico Nacional de Salud\",\"publisher\":{\"@id\":\"https:\\\/\\\/iaes.edu.ve\\\/#organization\"},\"potentialAction\":[{\"@type\":\"SearchAction\",\"target\":{\"@type\":\"EntryPoint\",\"urlTemplate\":\"https:\\\/\\\/iaes.edu.ve\\\/?s={search_term_string}\"},\"query-input\":{\"@type\":\"PropertyValueSpecification\",\"valueRequired\":true,\"valueName\":\"search_term_string\"}}],\"inLanguage\":\"es\"},{\"@type\":\"Organization\",\"@id\":\"https:\\\/\\\/iaes.edu.ve\\\/#organization\",\"name\":\"Servicio Aut\u00f3nomo Instituto de Altos Estudios Dr. Arnoldo Gabaldon\",\"alternateName\":\"IAE Dr. Arnoldo Gabaldon\",\"url\":\"https:\\\/\\\/iaes.edu.ve\\\/\",\"logo\":{\"@type\":\"ImageObject\",\"inLanguage\":\"es\",\"@id\":\"https:\\\/\\\/iaes.edu.ve\\\/#\\\/schema\\\/logo\\\/image\\\/\",\"url\":\"https:\\\/\\\/iaes.edu.ve\\\/wp-content\\\/uploads\\\/2024\\\/05\\\/logo-iae-hor.png\",\"contentUrl\":\"https:\\\/\\\/iaes.edu.ve\\\/wp-content\\\/uploads\\\/2024\\\/05\\\/logo-iae-hor.png\",\"width\":512,\"height\":170,\"caption\":\"Servicio Aut\u00f3nomo Instituto de Altos Estudios Dr. Arnoldo Gabaldon\"},\"image\":{\"@id\":\"https:\\\/\\\/iaes.edu.ve\\\/#\\\/schema\\\/logo\\\/image\\\/\"},\"sameAs\":[\"https:\\\/\\\/www.facebook.com\\\/IAEGabaldonOficial\",\"https:\\\/\\\/x.com\\\/iaegabaldon\",\"https:\\\/\\\/www.instagram.com\\\/iaegabaldon_oficial\\\/\",\"https:\\\/\\\/www.youtube.com\\\/@iaesgabaldon\"]}]}<\/script>\n<!-- \/ Yoast SEO plugin. -->","yoast_head_json":{"title":"Sala Situacional - iaes","description":"Sala Situacional, IAE, Informaci\u00f3n, Salud P\u00fablica, Salud Colectiva, Epidemiolog\u00eda, Salud Ocupacional, Poder Popular en Salud, Indicadores,","robots":{"index":"index","follow":"follow","max-snippet":"max-snippet:-1","max-image-preview":"max-image-preview:large","max-video-preview":"max-video-preview:-1"},"canonical":"https:\/\/iaes.edu.ve\/?page_id=846","og_locale":"es_ES","og_type":"article","og_title":"Sala Situacional - iaes","og_description":"Sala Situacional, IAE, Informaci\u00f3n, Salud P\u00fablica, Salud Colectiva, Epidemiolog\u00eda, Salud Ocupacional, Poder Popular en Salud, Indicadores,","og_url":"https:\/\/iaes.edu.ve\/?page_id=846","og_site_name":"iaes","article_publisher":"https:\/\/www.facebook.com\/IAEGabaldonOficial","article_modified_time":"2026-04-15T19:51:54+00:00","og_image":[{"width":400,"height":534,"url":"https:\/\/iaes.edu.ve\/wp-content\/uploads\/2026\/04\/DM.jpg","type":"image\/jpeg"}],"twitter_card":"summary_large_image","twitter_site":"@iaegabaldon","twitter_misc":{"Tiempo estimado de lectura":"6 minutos"},"schema":{"@context":"https:\/\/schema.org","@graph":[{"@type":"WebPage","@id":"https:\/\/iaes.edu.ve\/?page_id=846","url":"https:\/\/iaes.edu.ve\/?page_id=846","name":"Sala Situacional - iaes","isPartOf":{"@id":"https:\/\/iaes.edu.ve\/#website"},"primaryImageOfPage":{"@id":"https:\/\/iaes.edu.ve\/?page_id=846#primaryimage"},"image":{"@id":"https:\/\/iaes.edu.ve\/?page_id=846#primaryimage"},"thumbnailUrl":"https:\/\/iaes.edu.ve\/wp-content\/uploads\/2026\/04\/DM-225x300.jpg","datePublished":"2024-09-19T18:56:28+00:00","dateModified":"2026-04-15T19:51:54+00:00","description":"Sala Situacional, IAE, Informaci\u00f3n, Salud P\u00fablica, Salud Colectiva, Epidemiolog\u00eda, Salud Ocupacional, Poder Popular en Salud, Indicadores,","breadcrumb":{"@id":"https:\/\/iaes.edu.ve\/?page_id=846#breadcrumb"},"inLanguage":"es","potentialAction":[{"@type":"ReadAction","target":["https:\/\/iaes.edu.ve\/?page_id=846"]}]},{"@type":"ImageObject","inLanguage":"es","@id":"https:\/\/iaes.edu.ve\/?page_id=846#primaryimage","url":"https:\/\/iaes.edu.ve\/wp-content\/uploads\/2026\/04\/DM.jpg","contentUrl":"https:\/\/iaes.edu.ve\/wp-content\/uploads\/2026\/04\/DM.jpg","width":400,"height":534},{"@type":"BreadcrumbList","@id":"https:\/\/iaes.edu.ve\/?page_id=846#breadcrumb","itemListElement":[{"@type":"ListItem","position":1,"name":"Portada","item":"https:\/\/iaes.edu.ve\/"},{"@type":"ListItem","position":2,"name":"Sala Situacional"}]},{"@type":"WebSite","@id":"https:\/\/iaes.edu.ve\/#website","url":"https:\/\/iaes.edu.ve\/","name":"iaes","description":"Formando al talento humano del Sistema P\u00fablico Nacional de Salud","publisher":{"@id":"https:\/\/iaes.edu.ve\/#organization"},"potentialAction":[{"@type":"SearchAction","target":{"@type":"EntryPoint","urlTemplate":"https:\/\/iaes.edu.ve\/?s={search_term_string}"},"query-input":{"@type":"PropertyValueSpecification","valueRequired":true,"valueName":"search_term_string"}}],"inLanguage":"es"},{"@type":"Organization","@id":"https:\/\/iaes.edu.ve\/#organization","name":"Servicio Aut\u00f3nomo Instituto de Altos Estudios Dr. Arnoldo Gabaldon","alternateName":"IAE Dr. Arnoldo Gabaldon","url":"https:\/\/iaes.edu.ve\/","logo":{"@type":"ImageObject","inLanguage":"es","@id":"https:\/\/iaes.edu.ve\/#\/schema\/logo\/image\/","url":"https:\/\/iaes.edu.ve\/wp-content\/uploads\/2024\/05\/logo-iae-hor.png","contentUrl":"https:\/\/iaes.edu.ve\/wp-content\/uploads\/2024\/05\/logo-iae-hor.png","width":512,"height":170,"caption":"Servicio Aut\u00f3nomo Instituto de Altos Estudios Dr. Arnoldo Gabaldon"},"image":{"@id":"https:\/\/iaes.edu.ve\/#\/schema\/logo\/image\/"},"sameAs":["https:\/\/www.facebook.com\/IAEGabaldonOficial","https:\/\/x.com\/iaegabaldon","https:\/\/www.instagram.com\/iaegabaldon_oficial\/","https:\/\/www.youtube.com\/@iaesgabaldon"]}]}},"_links":{"self":[{"href":"https:\/\/iaes.edu.ve\/index.php?rest_route=\/wp\/v2\/pages\/846","targetHints":{"allow":["GET"]}}],"collection":[{"href":"https:\/\/iaes.edu.ve\/index.php?rest_route=\/wp\/v2\/pages"}],"about":[{"href":"https:\/\/iaes.edu.ve\/index.php?rest_route=\/wp\/v2\/types\/page"}],"author":[{"embeddable":true,"href":"https:\/\/iaes.edu.ve\/index.php?rest_route=\/wp\/v2\/users\/1"}],"replies":[{"embeddable":true,"href":"https:\/\/iaes.edu.ve\/index.php?rest_route=%2Fwp%2Fv2%2Fcomments&post=846"}],"version-history":[{"count":64,"href":"https:\/\/iaes.edu.ve\/index.php?rest_route=\/wp\/v2\/pages\/846\/revisions"}],"predecessor-version":[{"id":5680,"href":"https:\/\/iaes.edu.ve\/index.php?rest_route=\/wp\/v2\/pages\/846\/revisions\/5680"}],"wp:attachment":[{"href":"https:\/\/iaes.edu.ve\/index.php?rest_route=%2Fwp%2Fv2%2Fmedia&parent=846"}],"curies":[{"name":"wp","href":"https:\/\/api.w.org\/{rel}","templated":true}]}}